{"id":20,"date":"2022-06-27T19:44:32","date_gmt":"2022-06-27T17:44:32","guid":{"rendered":"https:\/\/jumavis.com\/?page_id=20"},"modified":"2024-11-18T18:23:24","modified_gmt":"2024-11-18T17:23:24","slug":"news-support","status":"publish","type":"page","link":"https:\/\/foto-repro-webdesign.de\/jumavis\/news-support\/","title":{"rendered":"News"},"content":{"rendered":"\n<section id=\"g-j21gjjg\" class=\"wp-block-gutentor-m3 section-g-j21gjjg gutentor-module gutentor-container-cover has-color-bg has-custom-bg\"><div class=\"grid-container\">\n<div style=\"height:100px\" aria-hidden=\"true\" class=\"wp-block-spacer\"><\/div>\n\n\n\n<h2 class=\"wp-block-heading has-text-align-center\">News<\/h2>\n\n\n\n<p class=\"has-text-align-center\">Wir m\u00f6chten Sie sehr gerne mit dem \u201ejumavis-Newsletter\u201c gezielt \u00fcber wichtige Entwicklungen und neue Produkte im Feld der industriellen Bildverarbeitung informieren. <br>Sie erhalten nur wichtige Informationen, die Sie wirklich weiterbringen.<\/p>\n\n\n\n<p class=\"has-text-align-center\"><\/p>\n\n\n\n<p class=\"has-text-align-center\">Melden Sie sich am besten gleich an, um keine unserer Neuigkeiten zu verpassen.<\/p>\n\n\n\n<p class=\"has-text-align-center has-black-color has-text-color has-link-color wp-elements-4af545a04b014edfa6a03f535ea56348\"><strong><a href=\"https:\/\/web.inxmail.com\/jumavis\/jumavis_anmeldung-de.jsp\" target=\"_blank\" rel=\"noreferrer noopener\">Hier geht\u2018s zum &#8222;jumavis-Newsletter&#8220;<\/a><\/strong><\/p>\n\n\n<section class=\"gutentor-section gutentor-blog-post-wrapper blog-template1 wp-block-gutentor-blog-post\" id=\"section-g-ccpw9c1\">\n<div class='grid-container'><div class=\"gutentor-block-header\"><\/div><div class='gutentor-grid-item-wrap '><div class='grid-row '><article class='gutentor-post-has-thumb  grid-lg-4 grid-md-12 grid-12 blog-grid'><div class=\"gutentor-single-item\"><div class=\"gutentor-single-item-image-box\"><div class=\"gutentor-image-thumb\"><img loading=\"lazy\" decoding=\"async\" width=\"640\" height=\"381\" src=\"https:\/\/foto-repro-webdesign.de\/jumavis\/wp-content\/uploads\/2026\/03\/News-18-Titel-Unrath-Wegener.jpg\" class=\"attachment- size- wp-post-image\" alt=\"\" \/><\/div><\/div><div class=\"gutentor-post-content\"><h3 class=\"gutentor-single-item-title\"><a href=\"https:\/\/foto-repro-webdesign.de\/jumavis\/ein-bedeutender-schritt-in-die-zukunft\/\" rel=\"bookmark\">Ein bedeutender Schritt in die Zukunft<\/a><\/h3><div class=\"entry-meta\"><div class=\"posted-on\"><i class=\"far fa-calendar-alt\"><\/i><a href=\"https:\/\/foto-repro-webdesign.de\/jumavis\/ein-bedeutender-schritt-in-die-zukunft\/\" rel=\"bookmark\">2026-03-09<\/a><\/div><\/div><div class=\"gutentor-post-excerpt gutentor-single-item-desc\"><p class='gutentor-single-item-desc'>Strategische Partnerschaft zwischen jumavis GmbH und Vision &amp; Control\n\n\n\nVor kurzem hatte die Ge&hellip;<\/p><\/div><a class=\"gutentor-button gutentor-single-item-button gutentor-icon-hide\" href=\"https:\/\/foto-repro-webdesign.de\/jumavis\/ein-bedeutender-schritt-in-die-zukunft\/\"><i class=\"gutentor-button-icon fas fa-book\"><\/i><span>weiterlesen<\/span><\/a><\/div><\/div><\/article><article class='gutentor-post-has-thumb  grid-lg-4 grid-md-12 grid-12 blog-grid'><div class=\"gutentor-single-item\"><div class=\"gutentor-single-item-image-box\"><div class=\"gutentor-image-thumb\"><img loading=\"lazy\" decoding=\"async\" width=\"640\" height=\"381\" src=\"https:\/\/foto-repro-webdesign.de\/jumavis\/wp-content\/uploads\/2026\/03\/News-17-Titel.jpg\" class=\"attachment- size- wp-post-image\" alt=\"\" \/><\/div><\/div><div class=\"gutentor-post-content\"><h3 class=\"gutentor-single-item-title\"><a href=\"https:\/\/foto-repro-webdesign.de\/jumavis\/waldbronns-buergermeister-besucht-jumavis\/\" rel=\"bookmark\">Waldbronns B\u00fcrgermeister besucht jumavis\u00ae<\/a><\/h3><div class=\"entry-meta\"><div class=\"posted-on\"><i class=\"far fa-calendar-alt\"><\/i><a href=\"https:\/\/foto-repro-webdesign.de\/jumavis\/waldbronns-buergermeister-besucht-jumavis\/\" rel=\"bookmark\">2026-03-02<\/a><\/div><\/div><div class=\"gutentor-post-excerpt gutentor-single-item-desc\"><p class='gutentor-single-item-desc'>Vor kurzem durften wir den B\u00fcrgermeister unserer Gemeinde, Christian Stalf, in unserem Unternehmen b&hellip;<\/p><\/div><a class=\"gutentor-button gutentor-single-item-button gutentor-icon-hide\" href=\"https:\/\/foto-repro-webdesign.de\/jumavis\/waldbronns-buergermeister-besucht-jumavis\/\"><i class=\"gutentor-button-icon fas fa-book\"><\/i><span>weiterlesen<\/span><\/a><\/div><\/div><\/article><article class='gutentor-post-has-thumb  grid-lg-4 grid-md-12 grid-12 blog-grid'><div class=\"gutentor-single-item\"><div class=\"gutentor-single-item-image-box\"><div class=\"gutentor-image-thumb\"><img loading=\"lazy\" decoding=\"async\" width=\"640\" height=\"381\" src=\"https:\/\/foto-repro-webdesign.de\/jumavis\/wp-content\/uploads\/2025\/10\/News-16-GEFASOFT-DE.jpg\" class=\"attachment- size- wp-post-image\" alt=\"\" \/><\/div><\/div><div class=\"gutentor-post-content\"><h3 class=\"gutentor-single-item-title\"><a href=\"https:\/\/foto-repro-webdesign.de\/jumavis\/das-optimale-licht-zur-rechten-zeit-am-rechten-platz\/\" rel=\"bookmark\">Das optimale Licht \u2013 zur rechten Zeit am rechten Platz<\/a><\/h3><div class=\"entry-meta\"><div class=\"posted-on\"><i class=\"far fa-calendar-alt\"><\/i><a href=\"https:\/\/foto-repro-webdesign.de\/jumavis\/das-optimale-licht-zur-rechten-zeit-am-rechten-platz\/\" rel=\"bookmark\">2025-10-06<\/a><\/div><\/div><div class=\"gutentor-post-excerpt gutentor-single-item-desc\"><p class='gutentor-single-item-desc'>Eine effiziente optische Qualit\u00e4tskontrolle braucht optimale Daten. Nur was \u201egesehen\u201c wird, kann aus&hellip;<\/p><\/div><a class=\"gutentor-button gutentor-single-item-button gutentor-icon-hide\" href=\"https:\/\/foto-repro-webdesign.de\/jumavis\/das-optimale-licht-zur-rechten-zeit-am-rechten-platz\/\"><i class=\"gutentor-button-icon fas fa-book\"><\/i><span>weiterlesen<\/span><\/a><\/div><\/div><\/article><article class='gutentor-post-has-thumb  grid-lg-4 grid-md-12 grid-12 blog-grid'><div class=\"gutentor-single-item\"><div class=\"gutentor-single-item-image-box\"><div class=\"gutentor-image-thumb\"><img loading=\"lazy\" decoding=\"async\" width=\"640\" height=\"381\" src=\"https:\/\/foto-repro-webdesign.de\/jumavis\/wp-content\/uploads\/2025\/04\/Jumavis-auf-Control-2025.jpg\" class=\"attachment- size- wp-post-image\" alt=\"\" \/><\/div><\/div><div class=\"gutentor-post-content\"><h3 class=\"gutentor-single-item-title\"><a href=\"https:\/\/foto-repro-webdesign.de\/jumavis\/control-2025-jumavis-praesentiert-weltneuheiten\/\" rel=\"bookmark\">Control 2025 \u2013 jumavis\u00ae pr\u00e4sentiert Weltneuheiten<\/a><\/h3><div class=\"entry-meta\"><div class=\"posted-on\"><i class=\"far fa-calendar-alt\"><\/i><a href=\"https:\/\/foto-repro-webdesign.de\/jumavis\/control-2025-jumavis-praesentiert-weltneuheiten\/\" rel=\"bookmark\">2025-04-14<\/a><\/div><\/div><div class=\"gutentor-post-excerpt gutentor-single-item-desc\"><p class='gutentor-single-item-desc'>Nach dem erfolgreichen Deb\u00fct im vergangenen Jahr pr\u00e4sentiert der dynamische \u201eNewcomer\u201c jumavis\u00ae auf &hellip;<\/p><\/div><a class=\"gutentor-button gutentor-single-item-button gutentor-icon-hide\" href=\"https:\/\/foto-repro-webdesign.de\/jumavis\/control-2025-jumavis-praesentiert-weltneuheiten\/\"><i class=\"gutentor-button-icon fas fa-book\"><\/i><span>weiterlesen<\/span><\/a><\/div><\/div><\/article><article class='gutentor-post-has-thumb  grid-lg-4 grid-md-12 grid-12 blog-grid'><div class=\"gutentor-single-item\"><div class=\"gutentor-single-item-image-box\"><div class=\"gutentor-image-thumb\"><img loading=\"lazy\" decoding=\"async\" width=\"640\" height=\"381\" src=\"https:\/\/foto-repro-webdesign.de\/jumavis\/wp-content\/uploads\/2024\/09\/14-jumavis-Vision-2024-DE.jpg\" class=\"attachment- size- wp-post-image\" alt=\"\" \/><\/div><\/div><div class=\"gutentor-post-content\"><h3 class=\"gutentor-single-item-title\"><a href=\"https:\/\/foto-repro-webdesign.de\/jumavis\/jumavis-auf-der-vision-2024-in-stuttgart\/\" rel=\"bookmark\">jumavis\u00ae auf der VISION 2024 in Stuttgart<\/a><\/h3><div class=\"entry-meta\"><div class=\"posted-on\"><i class=\"far fa-calendar-alt\"><\/i><a href=\"https:\/\/foto-repro-webdesign.de\/jumavis\/jumavis-auf-der-vision-2024-in-stuttgart\/\" rel=\"bookmark\">2024-09-16<\/a><\/div><\/div><div class=\"gutentor-post-excerpt gutentor-single-item-desc\"><p class='gutentor-single-item-desc'>Zum zweiten Mal pr\u00e4sentiert sich jumavis\u00ae auf dem gro\u00dfen internationalen Parkett. Vom 8. bis 10. Okt&hellip;<\/p><\/div><a class=\"gutentor-button gutentor-single-item-button gutentor-icon-hide\" href=\"https:\/\/foto-repro-webdesign.de\/jumavis\/jumavis-auf-der-vision-2024-in-stuttgart\/\"><i class=\"gutentor-button-icon fas fa-book\"><\/i><span>weiterlesen<\/span><\/a><\/div><\/div><\/article><article class='gutentor-post-has-thumb  grid-lg-4 grid-md-12 grid-12 blog-grid'><div class=\"gutentor-single-item\"><div class=\"gutentor-single-item-image-box\"><div class=\"gutentor-image-thumb\"><img loading=\"lazy\" decoding=\"async\" width=\"670\" height=\"394\" src=\"https:\/\/foto-repro-webdesign.de\/jumavis\/wp-content\/uploads\/2024\/06\/Navitar-Zoom_7000-2-DE.jpg\" class=\"attachment- size- wp-post-image\" alt=\"\" \/><\/div><\/div><div class=\"gutentor-post-content\"><h3 class=\"gutentor-single-item-title\"><a href=\"https:\/\/foto-repro-webdesign.de\/jumavis\/neu-bei-jumavis-das-navitar-zoom-7000-2\/\" rel=\"bookmark\">Neu bei jumavis\u00ae \u2013 das Navitar\u00ae ZOOM 7000-2<\/a><\/h3><div class=\"entry-meta\"><div class=\"posted-on\"><i class=\"far fa-calendar-alt\"><\/i><a href=\"https:\/\/foto-repro-webdesign.de\/jumavis\/neu-bei-jumavis-das-navitar-zoom-7000-2\/\" rel=\"bookmark\">2024-06-16<\/a><\/div><\/div><div class=\"gutentor-post-excerpt gutentor-single-item-desc\"><p class='gutentor-single-item-desc'>Die Zuverl\u00e4ssigkeit der optischen Qualit\u00e4tskontrolle steht und f\u00e4llt mit der Qualit\u00e4t des \u201eAuges\u201c \u2013 &hellip;<\/p><\/div><a class=\"gutentor-button gutentor-single-item-button gutentor-icon-hide\" href=\"https:\/\/foto-repro-webdesign.de\/jumavis\/neu-bei-jumavis-das-navitar-zoom-7000-2\/\"><i class=\"gutentor-button-icon fas fa-book\"><\/i><span>weiterlesen<\/span><\/a><\/div><\/div><\/article><article class='gutentor-post-has-thumb  grid-lg-4 grid-md-12 grid-12 blog-grid'><div class=\"gutentor-single-item\"><div class=\"gutentor-single-item-image-box\"><div class=\"gutentor-image-thumb\"><img loading=\"lazy\" decoding=\"async\" width=\"640\" height=\"381\" src=\"https:\/\/foto-repro-webdesign.de\/jumavis\/wp-content\/uploads\/2024\/06\/News-12-Control-2024-Stand.jpg\" class=\"attachment- size- wp-post-image\" alt=\"\" \/><\/div><\/div><div class=\"gutentor-post-content\"><h3 class=\"gutentor-single-item-title\"><a href=\"https:\/\/foto-repro-webdesign.de\/jumavis\/jumavis-erstmals-auf-der-internationalen-buehne\/\" rel=\"bookmark\">jumavis\u00ae erstmals auf der internationalen B\u00fchne<\/a><\/h3><div class=\"entry-meta\"><div class=\"posted-on\"><i class=\"far fa-calendar-alt\"><\/i><a href=\"https:\/\/foto-repro-webdesign.de\/jumavis\/jumavis-erstmals-auf-der-internationalen-buehne\/\" rel=\"bookmark\">2024-06-03<\/a><\/div><\/div><div class=\"gutentor-post-excerpt gutentor-single-item-desc\"><p class='gutentor-single-item-desc'>Nur wenige Wochen ist es her, dass sich jumavis\u00ae zum ersten Mal auf das gro\u00dfe internationale Parkett&hellip;<\/p><\/div><a class=\"gutentor-button gutentor-single-item-button gutentor-icon-hide\" href=\"https:\/\/foto-repro-webdesign.de\/jumavis\/jumavis-erstmals-auf-der-internationalen-buehne\/\"><i class=\"gutentor-button-icon fas fa-book\"><\/i><span>weiterlesen<\/span><\/a><\/div><\/div><\/article><article class='gutentor-post-has-thumb  grid-lg-4 grid-md-12 grid-12 blog-grid'><div class=\"gutentor-single-item\"><div class=\"gutentor-single-item-image-box\"><div class=\"gutentor-image-thumb\"><img loading=\"lazy\" decoding=\"async\" width=\"640\" height=\"381\" src=\"https:\/\/foto-repro-webdesign.de\/jumavis\/wp-content\/uploads\/2024\/03\/Jumavis-auf-Control-2024-DE.jpg\" class=\"attachment- size- wp-post-image\" alt=\"\" \/><\/div><\/div><div class=\"gutentor-post-content\"><h3 class=\"gutentor-single-item-title\"><a href=\"https:\/\/foto-repro-webdesign.de\/jumavis\/jumavis-auf-der-control-2024-in-stuttgart\/\" rel=\"bookmark\">jumavis\u00ae auf der Control 2024 in Stuttgart<\/a><\/h3><div class=\"entry-meta\"><div class=\"posted-on\"><i class=\"far fa-calendar-alt\"><\/i><a href=\"https:\/\/foto-repro-webdesign.de\/jumavis\/jumavis-auf-der-control-2024-in-stuttgart\/\" rel=\"bookmark\">2024-03-15<\/a><\/div><\/div><div class=\"gutentor-post-excerpt gutentor-single-item-desc\"><p class='gutentor-single-item-desc'>Nur zwei Jahre nach der Gr\u00fcndung wagt sich jumavis\u00ae zum ersten Mal auf das gro\u00dfe internationale Park&hellip;<\/p><\/div><a class=\"gutentor-button gutentor-single-item-button gutentor-icon-hide\" href=\"https:\/\/foto-repro-webdesign.de\/jumavis\/jumavis-auf-der-control-2024-in-stuttgart\/\"><i class=\"gutentor-button-icon fas fa-book\"><\/i><span>weiterlesen<\/span><\/a><\/div><\/div><\/article><article class='gutentor-post-has-thumb  grid-lg-4 grid-md-12 grid-12 blog-grid'><div class=\"gutentor-single-item\"><div class=\"gutentor-single-item-image-box\"><div class=\"gutentor-image-thumb\"><img loading=\"lazy\" decoding=\"async\" width=\"640\" height=\"381\" src=\"https:\/\/foto-repro-webdesign.de\/jumavis\/wp-content\/uploads\/2024\/02\/AutoVimation-HygienicSystem-News.jpg\" class=\"attachment- size- wp-post-image\" alt=\"\" \/><\/div><\/div><div class=\"gutentor-post-content\"><h3 class=\"gutentor-single-item-title\"><a href=\"https:\/\/foto-repro-webdesign.de\/jumavis\/neu-bei-jumavis-montagesysteme-fuer-pharma-und-lebensmittelindustrie\/\" rel=\"bookmark\">Neu bei jumavis\u00ae \u2013 Montagesysteme f\u00fcr Pharma- und Lebensmittelindustrie<\/a><\/h3><div class=\"entry-meta\"><div class=\"posted-on\"><i class=\"far fa-calendar-alt\"><\/i><a href=\"https:\/\/foto-repro-webdesign.de\/jumavis\/neu-bei-jumavis-montagesysteme-fuer-pharma-und-lebensmittelindustrie\/\" rel=\"bookmark\">2024-02-05<\/a><\/div><\/div><div class=\"gutentor-post-excerpt gutentor-single-item-desc\"><p class='gutentor-single-item-desc'>jumavis\u00ae versteht sich als Systemlieferant und bietet seinen Kunden umfassende L\u00f6sungen, auch f\u00fcr sc&hellip;<\/p><\/div><a class=\"gutentor-button gutentor-single-item-button gutentor-icon-hide\" href=\"https:\/\/foto-repro-webdesign.de\/jumavis\/neu-bei-jumavis-montagesysteme-fuer-pharma-und-lebensmittelindustrie\/\"><i class=\"gutentor-button-icon fas fa-book\"><\/i><span>weiterlesen<\/span><\/a><\/div><\/div><\/article><article class='gutentor-post-has-thumb  grid-lg-4 grid-md-12 grid-12 blog-grid'><div class=\"gutentor-single-item\"><div class=\"gutentor-single-item-image-box\"><div class=\"gutentor-image-thumb\"><img loading=\"lazy\" decoding=\"async\" width=\"640\" height=\"381\" src=\"https:\/\/foto-repro-webdesign.de\/jumavis\/wp-content\/uploads\/2024\/01\/news9.jpg\" class=\"attachment- size- wp-post-image\" alt=\"\" \/><\/div><\/div><div class=\"gutentor-post-content\"><h3 class=\"gutentor-single-item-title\"><a href=\"https:\/\/foto-repro-webdesign.de\/jumavis\/jumavis-beraet-und-plant-mit-von-anfang-an\/\" rel=\"bookmark\">jumavis\u00ae ber\u00e4t und plant mit \u2013 von Anfang an<\/a><\/h3><div class=\"entry-meta\"><div class=\"posted-on\"><i class=\"far fa-calendar-alt\"><\/i><a href=\"https:\/\/foto-repro-webdesign.de\/jumavis\/jumavis-beraet-und-plant-mit-von-anfang-an\/\" rel=\"bookmark\">2024-01-11<\/a><\/div><\/div><div class=\"gutentor-post-excerpt gutentor-single-item-desc\"><p class='gutentor-single-item-desc'>Die industrielle Produktion ver\u00e4ndert sich rasant \u2013 durch erweiterte technische M\u00f6glichkeiten, Facha&hellip;<\/p><\/div><a class=\"gutentor-button gutentor-single-item-button gutentor-icon-hide\" href=\"https:\/\/foto-repro-webdesign.de\/jumavis\/jumavis-beraet-und-plant-mit-von-anfang-an\/\"><i class=\"gutentor-button-icon fas fa-book\"><\/i><span>weiterlesen<\/span><\/a><\/div><\/div><\/article><article class='gutentor-post-has-thumb  grid-lg-4 grid-md-12 grid-12 blog-grid'><div class=\"gutentor-single-item\"><div class=\"gutentor-single-item-image-box\"><div class=\"gutentor-image-thumb\"><img loading=\"lazy\" decoding=\"async\" width=\"640\" height=\"381\" src=\"https:\/\/foto-repro-webdesign.de\/jumavis\/wp-content\/uploads\/2023\/11\/beitrag8_DE.jpg\" class=\"attachment- size- wp-post-image\" alt=\"\" \/><\/div><\/div><div class=\"gutentor-post-content\"><h3 class=\"gutentor-single-item-title\"><a href=\"https:\/\/foto-repro-webdesign.de\/jumavis\/jumavis-kooperiert-mit-kamerahersteller-optronis-innovativer-schub-fuer-hochgeschwindigkeitsaufnahmen\/\" rel=\"bookmark\">jumavis\u00ae kooperiert mit Kamerahersteller Optronis \u2013 Innovativer Schub f\u00fcr Hochgeschwindigkeitsaufnahmen<\/a><\/h3><div class=\"entry-meta\"><div class=\"posted-on\"><i class=\"far fa-calendar-alt\"><\/i><a href=\"https:\/\/foto-repro-webdesign.de\/jumavis\/jumavis-kooperiert-mit-kamerahersteller-optronis-innovativer-schub-fuer-hochgeschwindigkeitsaufnahmen\/\" rel=\"bookmark\">2023-11-09<\/a><\/div><\/div><div class=\"gutentor-post-excerpt gutentor-single-item-desc\"><p class='gutentor-single-item-desc'>jumavis\u00ae setzt auf zukunftsweisende Technologie um im Hochgeschwindigkeitsbereich ganz vorne dabei z&hellip;<\/p><\/div><a class=\"gutentor-button gutentor-single-item-button gutentor-icon-hide\" href=\"https:\/\/foto-repro-webdesign.de\/jumavis\/jumavis-kooperiert-mit-kamerahersteller-optronis-innovativer-schub-fuer-hochgeschwindigkeitsaufnahmen\/\"><i class=\"gutentor-button-icon fas fa-book\"><\/i><span>weiterlesen<\/span><\/a><\/div><\/div><\/article><article class='gutentor-post-has-thumb  grid-lg-4 grid-md-12 grid-12 blog-grid'><div class=\"gutentor-single-item\"><div class=\"gutentor-single-item-image-box\"><div class=\"gutentor-image-thumb\"><img loading=\"lazy\" decoding=\"async\" width=\"500\" height=\"300\" src=\"https:\/\/foto-repro-webdesign.de\/jumavis\/wp-content\/uploads\/2023\/09\/news7_de.jpg\" class=\"attachment- size- wp-post-image\" alt=\"\" \/><\/div><\/div><div class=\"gutentor-post-content\"><h3 class=\"gutentor-single-item-title\"><a href=\"https:\/\/foto-repro-webdesign.de\/jumavis\/jumavis-startet-vertriebskooperation-mit-deltapix-im-bereich-der-digitalen-3d-mikroskopie\/\" rel=\"bookmark\">jumavis\u00ae startet Vertriebskooperation mit DeltaPix im Bereich der digitalen 3D-Mikroskopie<\/a><\/h3><div class=\"entry-meta\"><div class=\"posted-on\"><i class=\"far fa-calendar-alt\"><\/i><a href=\"https:\/\/foto-repro-webdesign.de\/jumavis\/jumavis-startet-vertriebskooperation-mit-deltapix-im-bereich-der-digitalen-3d-mikroskopie\/\" rel=\"bookmark\">2023-09-27<\/a><\/div><\/div><div class=\"gutentor-post-excerpt gutentor-single-item-desc\"><p class='gutentor-single-item-desc'>Seit September ist jumavis\u00ae strategischer Vertriebspartner des d\u00e4nischen Herstellers DeltaPix und er&hellip;<\/p><\/div><a class=\"gutentor-button gutentor-single-item-button gutentor-icon-hide\" href=\"https:\/\/foto-repro-webdesign.de\/jumavis\/jumavis-startet-vertriebskooperation-mit-deltapix-im-bereich-der-digitalen-3d-mikroskopie\/\"><i class=\"gutentor-button-icon fas fa-book\"><\/i><span>weiterlesen<\/span><\/a><\/div><\/div><\/article><article class='gutentor-post-has-thumb  grid-lg-4 grid-md-12 grid-12 blog-grid'><div class=\"gutentor-single-item\"><div class=\"gutentor-single-item-image-box\"><div class=\"gutentor-image-thumb\"><img loading=\"lazy\" decoding=\"async\" width=\"500\" height=\"300\" src=\"https:\/\/foto-repro-webdesign.de\/jumavis\/wp-content\/uploads\/2023\/09\/news6.jpg\" class=\"attachment- size- wp-post-image\" alt=\"\" \/><\/div><\/div><div class=\"gutentor-post-content\"><h3 class=\"gutentor-single-item-title\"><a href=\"https:\/\/foto-repro-webdesign.de\/jumavis\/neu-bei-jumavis-swir-hochleistungsobjektivefuer-besondere-anforderungen\/\" rel=\"bookmark\">Neu bei jumavis\u00ae \u2013 SWIR-Hochleistungsobjektive f\u00fcr besondere Anforderungen<\/a><\/h3><div class=\"entry-meta\"><div class=\"posted-on\"><i class=\"far fa-calendar-alt\"><\/i><a href=\"https:\/\/foto-repro-webdesign.de\/jumavis\/neu-bei-jumavis-swir-hochleistungsobjektivefuer-besondere-anforderungen\/\" rel=\"bookmark\">2023-09-04<\/a><\/div><\/div><div class=\"gutentor-post-excerpt gutentor-single-item-desc\"><p class='gutentor-single-item-desc'>Die Anforderungen, aber auch die Leistung und Einsatzm\u00f6glichkeiten optischer Qualit\u00e4tskontroll-Syste&hellip;<\/p><\/div><a class=\"gutentor-button gutentor-single-item-button gutentor-icon-hide\" href=\"https:\/\/foto-repro-webdesign.de\/jumavis\/neu-bei-jumavis-swir-hochleistungsobjektivefuer-besondere-anforderungen\/\"><i class=\"gutentor-button-icon fas fa-book\"><\/i><span>weiterlesen<\/span><\/a><\/div><\/div><\/article><article class='gutentor-post-has-thumb  grid-lg-4 grid-md-12 grid-12 blog-grid'><div class=\"gutentor-single-item\"><div class=\"gutentor-single-item-image-box\"><div class=\"gutentor-image-thumb\"><img loading=\"lazy\" decoding=\"async\" width=\"500\" height=\"300\" src=\"https:\/\/foto-repro-webdesign.de\/jumavis\/wp-content\/uploads\/2023\/07\/news4.jpg\" class=\"attachment- size- wp-post-image\" alt=\"\" \/><\/div><\/div><div class=\"gutentor-post-content\"><h3 class=\"gutentor-single-item-title\"><a href=\"https:\/\/foto-repro-webdesign.de\/jumavis\/jumavis-wird-europaeischer-exklusiv-distributor-des-hochleistungs-led-herstellers-spectrum-illumination\/\" rel=\"bookmark\">jumavis\u00ae wird europ\u00e4ischer Exklusiv-Distributor des Hochleistungs-LED-Herstellers SPECTRUM ILLUMINATION<\/a><\/h3><div class=\"entry-meta\"><div class=\"posted-on\"><i class=\"far fa-calendar-alt\"><\/i><a href=\"https:\/\/foto-repro-webdesign.de\/jumavis\/jumavis-wird-europaeischer-exklusiv-distributor-des-hochleistungs-led-herstellers-spectrum-illumination\/\" rel=\"bookmark\">2023-07-04<\/a><\/div><\/div><div class=\"gutentor-post-excerpt gutentor-single-item-desc\"><p class='gutentor-single-item-desc'>jumavis\u00ae ist ab sofort europ\u00e4ischer Generaldistributor des amerikanischen Hochleistungs-LED-Herstell&hellip;<\/p><\/div><a class=\"gutentor-button gutentor-single-item-button gutentor-icon-hide\" href=\"https:\/\/foto-repro-webdesign.de\/jumavis\/jumavis-wird-europaeischer-exklusiv-distributor-des-hochleistungs-led-herstellers-spectrum-illumination\/\"><i class=\"gutentor-button-icon fas fa-book\"><\/i><span>weiterlesen<\/span><\/a><\/div><\/div><\/article><article class='gutentor-post-has-thumb  grid-lg-4 grid-md-12 grid-12 blog-grid'><div class=\"gutentor-single-item\"><div class=\"gutentor-single-item-image-box\"><div class=\"gutentor-image-thumb\"><img loading=\"lazy\" decoding=\"async\" width=\"500\" height=\"300\" src=\"https:\/\/foto-repro-webdesign.de\/jumavis\/wp-content\/uploads\/2023\/02\/azubi2.jpg\" class=\"attachment- size- wp-post-image\" alt=\"\" \/><\/div><\/div><div class=\"gutentor-post-content\"><h3 class=\"gutentor-single-item-title\"><a href=\"https:\/\/foto-repro-webdesign.de\/jumavis\/jumavis-beim-ihk-azubi-speed-dating-2023\/\" rel=\"bookmark\">jumavis\u00ae beim IHK-Azubi-Speed-Dating 2023<\/a><\/h3><div class=\"entry-meta\"><div class=\"posted-on\"><i class=\"far fa-calendar-alt\"><\/i><a href=\"https:\/\/foto-repro-webdesign.de\/jumavis\/jumavis-beim-ihk-azubi-speed-dating-2023\/\" rel=\"bookmark\">2023-02-14<\/a><\/div><\/div><div class=\"gutentor-post-excerpt gutentor-single-item-desc\"><p class='gutentor-single-item-desc'>jumavis\u00ae m\u00f6chte weiter wachsen und unserer Jugend gute Ausbildungs- und Entwicklungschancen bieten.B&hellip;<\/p><\/div><a class=\"gutentor-button gutentor-single-item-button gutentor-icon-hide\" href=\"https:\/\/foto-repro-webdesign.de\/jumavis\/jumavis-beim-ihk-azubi-speed-dating-2023\/\"><i class=\"gutentor-button-icon fas fa-book\"><\/i><span>weiterlesen<\/span><\/a><\/div><\/div><\/article><article class='gutentor-post-has-thumb  grid-lg-4 grid-md-12 grid-12 blog-grid'><div class=\"gutentor-single-item\"><div class=\"gutentor-single-item-image-box\"><div class=\"gutentor-image-thumb\"><img loading=\"lazy\" decoding=\"async\" width=\"500\" height=\"300\" src=\"https:\/\/foto-repro-webdesign.de\/jumavis\/wp-content\/uploads\/2023\/01\/beitrag3.jpg\" class=\"attachment- size- wp-post-image\" alt=\"\" \/><\/div><\/div><div class=\"gutentor-post-content\"><h3 class=\"gutentor-single-item-title\"><a href=\"https:\/\/foto-repro-webdesign.de\/jumavis\/newsbeitrag-nummer-3\/\" rel=\"bookmark\">jumavis\u00ae stellt Homepage live!<\/a><\/h3><div class=\"entry-meta\"><div class=\"posted-on\"><i class=\"far fa-calendar-alt\"><\/i><a href=\"https:\/\/foto-repro-webdesign.de\/jumavis\/newsbeitrag-nummer-3\/\" rel=\"bookmark\">2023-01-26<\/a><\/div><\/div><div class=\"gutentor-post-excerpt gutentor-single-item-desc\"><p class='gutentor-single-item-desc'>Die ersten Monate von jumavis\u00ae waren dem st\u00fcrmischen Wachstum gewidmet. Wir sind sehr dankbar, dass &hellip;<\/p><\/div><a class=\"gutentor-button gutentor-single-item-button gutentor-icon-hide\" href=\"https:\/\/foto-repro-webdesign.de\/jumavis\/newsbeitrag-nummer-3\/\"><i class=\"gutentor-button-icon fas fa-book\"><\/i><span>weiterlesen<\/span><\/a><\/div><\/div><\/article><article class='gutentor-post-has-thumb  grid-lg-4 grid-md-12 grid-12 blog-grid'><div class=\"gutentor-single-item\"><div class=\"gutentor-single-item-image-box\"><div class=\"gutentor-image-thumb\"><img loading=\"lazy\" decoding=\"async\" width=\"500\" height=\"300\" src=\"https:\/\/foto-repro-webdesign.de\/jumavis\/wp-content\/uploads\/2023\/01\/beitrag2.jpg\" class=\"attachment- size- wp-post-image\" alt=\"\" \/><\/div><\/div><div class=\"gutentor-post-content\"><h3 class=\"gutentor-single-item-title\"><a href=\"https:\/\/foto-repro-webdesign.de\/jumavis\/newsbeitrag-nummer-zwei\/\" rel=\"bookmark\">jumavis\u00ae und das Team wachsen rasant!<\/a><\/h3><div class=\"entry-meta\"><div class=\"posted-on\"><i class=\"far fa-calendar-alt\"><\/i><a href=\"https:\/\/foto-repro-webdesign.de\/jumavis\/newsbeitrag-nummer-zwei\/\" rel=\"bookmark\">2022-12-12<\/a><\/div><\/div><div class=\"gutentor-post-excerpt gutentor-single-item-desc\"><p class='gutentor-single-item-desc'>Um den erfreulichen Wachstumskurs gestalten zu k\u00f6nnen, sind neue Mitarbeiter erforderlich. jumavis\u00ae &hellip;<\/p><\/div><a class=\"gutentor-button gutentor-single-item-button gutentor-icon-hide\" href=\"https:\/\/foto-repro-webdesign.de\/jumavis\/newsbeitrag-nummer-zwei\/\"><i class=\"gutentor-button-icon fas fa-book\"><\/i><span>weiterlesen<\/span><\/a><\/div><\/div><\/article><article class='gutentor-post-has-thumb  grid-lg-4 grid-md-12 grid-12 blog-grid'><div class=\"gutentor-single-item\"><div class=\"gutentor-single-item-image-box\"><div class=\"gutentor-image-thumb\"><img loading=\"lazy\" decoding=\"async\" width=\"500\" height=\"300\" src=\"https:\/\/foto-repro-webdesign.de\/jumavis\/wp-content\/uploads\/2022\/06\/Unbenannt-3.jpg\" class=\"attachment- size- wp-post-image\" alt=\"\" \/><\/div><\/div><div class=\"gutentor-post-content\"><h3 class=\"gutentor-single-item-title\"><a href=\"https:\/\/foto-repro-webdesign.de\/jumavis\/hallo-welt\/\" rel=\"bookmark\">Polytec \u00fcbergibt Vertrieb von Komponenten der industriellen Bildverarbeitung<\/a><\/h3><div class=\"entry-meta\"><div class=\"posted-on\"><i class=\"far fa-calendar-alt\"><\/i><a href=\"https:\/\/foto-repro-webdesign.de\/jumavis\/hallo-welt\/\" rel=\"bookmark\">2022-06-27<\/a><\/div><\/div><div class=\"gutentor-post-excerpt gutentor-single-item-desc\"><p class='gutentor-single-item-desc'>Nach mehr als 20 Jahren beendet die Polytec GmbH mit Sitz in Waldbronn den Vertrieb f\u00fcr Komponenten &hellip;<\/p><\/div><a class=\"gutentor-button gutentor-single-item-button gutentor-icon-hide\" href=\"https:\/\/foto-repro-webdesign.de\/jumavis\/hallo-welt\/\"><i class=\"gutentor-button-icon fas fa-book\"><\/i><span>weiterlesen<\/span><\/a><\/div><\/div><\/article><\/div><\/div><\/div><\/section><\/div><\/section>\n\n\n\n<div style=\"height:100px\" aria-hidden=\"true\" class=\"wp-block-spacer\"><\/div>\n","protected":false},"excerpt":{"rendered":"","protected":false},"author":1,"featured_media":0,"parent":0,"menu_order":0,"comment_status":"closed","ping_status":"closed","template":"","meta":{"footnotes":""},"class_list":["post-20","page","type-page","status-publish","hentry"],"_links":{"self":[{"href":"https:\/\/foto-repro-webdesign.de\/jumavis\/wp-json\/wp\/v2\/pages\/20","targetHints":{"allow":["GET"]}}],"collection":[{"href":"https:\/\/foto-repro-webdesign.de\/jumavis\/wp-json\/wp\/v2\/pages"}],"about":[{"href":"https:\/\/foto-repro-webdesign.de\/jumavis\/wp-json\/wp\/v2\/types\/page"}],"author":[{"embeddable":true,"href":"https:\/\/foto-repro-webdesign.de\/jumavis\/wp-json\/wp\/v2\/users\/1"}],"replies":[{"embeddable":true,"href":"https:\/\/foto-repro-webdesign.de\/jumavis\/wp-json\/wp\/v2\/comments?post=20"}],"version-history":[{"count":40,"href":"https:\/\/foto-repro-webdesign.de\/jumavis\/wp-json\/wp\/v2\/pages\/20\/revisions"}],"predecessor-version":[{"id":1940,"href":"https:\/\/foto-repro-webdesign.de\/jumavis\/wp-json\/wp\/v2\/pages\/20\/revisions\/1940"}],"wp:attachment":[{"href":"https:\/\/foto-repro-webdesign.de\/jumavis\/wp-json\/wp\/v2\/media?parent=20"}],"curies":[{"name":"wp","href":"https:\/\/api.w.org\/{rel}","templated":true}]}}